


{"id":2012,"date":"2024-08-09T10:20:49","date_gmt":"2024-08-09T10:20:49","guid":{"rendered":"https:\/\/www.messetekstil.com\/?page_id=2012"},"modified":"2024-08-09T10:25:50","modified_gmt":"2024-08-09T10:25:50","slug":"gizlilik-politikasi","status":"publish","type":"page","link":"https:\/\/www.messetekstil.com\/en\/gizlilik-politikasi\/","title":{"rendered":"G\u0130ZL\u0130L\u0130K POL\u0130T\u0130KASI"},"content":{"rendered":"<section class=\"wpb-content-wrapper\"><div class=\"vc_row wpb_row vc_row-fluid vc_custom_1715348749282\"><div class=\"wpb_column vc_column_container vc_col-sm-12\"><div class=\"vc_column-inner\"><div class=\"wpb_wrapper\"><div class=\"vc_empty_space\"   style=\"height: 10px\"><span class=\"vc_empty_space_inner\"><\/span><\/div><div class=\"vc_row wpb_row vc_inner vc_row-fluid vc_custom_1442066142033\"><div class=\"wpb_column vc_column_container vc_col-sm-12\"><div class=\"vc_column-inner\"><div class=\"wpb_wrapper\"><h3 style=\"font-size: 18px;color: #444444;line-height: 1.6em;text-align: left;font-family:Bitter;font-weight:400;font-style:normal\" class=\"vc_custom_heading\" ><\/h3>\n\t<div class=\"wpb_text_column wpb_content_element\" >\n\t\t<div class=\"wpb_wrapper\">\n\t\t\t<h4 style=\"text-align: center;\">K.V.K.K. Kapsam\u0131nda Ayd\u0131nlatma Metni<br \/>\nK\u0130\u015e\u0130SEL VER\u0130LER\u0130N KORUNMASI KANUNU KAPSAMINDA<\/h4>\n<h4 style=\"text-align: center;\">AYDINLATMA METN\u0130.<\/h4>\n<h4 style=\"text-align: center;\">Veri Sorumlusu<\/h4>\n<h4 style=\"text-align: center;\">MES SE TEKST\u0130L \u0130THALAT \u0130HRACAT SANAY\u0130 VE T\u0130CARET L\u0130M\u0130TED \u015e\u0130RKET\u0130<\/h4>\n<h4 style=\"text-align: center;\">ADRES\u0130 : Mehmet Nesih \u00d6zmen Mah. Ak\u00e7ay Sok. No:14 Merter-G\u00fcng\u00f6ren\/ \u0130STANBUL<\/h4>\n<h4 style=\"text-align: center;\">T\u0130CARET S\u0130C\u0130L\u0130 M\u00dcD\u00dcRL\u00dc\u011e\u00dc :\u0130stanbul Ticaret Sicili M\u00fcd\u00fcrl\u00fc\u011f\u00fc<\/h4>\n<h4 style=\"text-align: center;\">T\u0130CARET S\u0130C\u0130L\u0130 NUMARASI : 342636<\/h4>\n<h4 style=\"text-align: center;\">MERS\u0130S NUMARASI : 0619008060300014<\/h4>\n<h4 style=\"text-align: center;\">TELEFON : 0 212 230 94 31<\/h4>\n<h4 style=\"text-align: center;\">MAIL ADRES\u0130 : info@messetekstil.com<\/h4>\n<h4 style=\"text-align: center;\">\u0130\u015f bu Ayd\u0131nlatma metni ile 6698 say\u0131l\u0131 Ki\u015fisel Verilerin Korunmas\u0131 Kanunu uyar\u0131nca, ki\u015fisel verilerinizin i\u015flenmesi hususunda, Veri Sorumlusu s\u0131fat\u0131yla sizleri bilgilendirmek istiyoruz.<\/h4>\n<h4 style=\"text-align: center;\">Mes se Tekstil \u0130th. \u0130hr. Ve D\u0131\u015f Tic. Ltd. \u015eti. olarak ki\u015fisel verilerinizin korunmas\u0131 bizim i\u00e7in \u00f6nemli ve \u00f6nceliklidir. Amac\u0131m\u0131z, sizlerin memnuniyeti do\u011frultusunda, ki\u015fisel verilerinizin toplanma y\u00f6ntemi, i\u015flenme ama\u00e7lar\u0131, hukuki nedenleri, aktar\u0131lmas\u0131, imha edilmesi, yasal haklar\u0131n\u0131z ve sair hususlarda en a\u00e7\u0131k \u015fekilde bilgilendirilmenizin sa\u011flanmas\u0131d\u0131r.<\/h4>\n<h4 style=\"text-align: center;\">Mes se Tekstil \u0130th. \u0130hr. Ve D\u0131\u015f Tic. Ltd. \u015eti. olarak, veri sorumlusu s\u0131fat\u0131yla, \u015eirketimizle payla\u015ft\u0131\u011f\u0131n\u0131z ki\u015fisel verileriniz, yasal mevzuat taraf\u0131ndan belirlenen ve i\u015f bu metinde a\u00e7\u0131klanan \u00e7er\u00e7evede kullan\u0131lmak, kaydedilmek, saklanmak, g\u00fcncellenmek ve\/veya aktar\u0131lmak suretiyle i\u015flenecektir.<\/h4>\n<h4 style=\"text-align: center;\">\u015eirketimiz, veri sorumlusu olarak 6698 say\u0131l\u0131 Ki\u015fisel Verilerin Korunmas\u0131 Kanunu ba\u015fta olmak \u00fczere; bu Kanuna dayan\u0131larak \u00e7\u0131kar\u0131lan Y\u00f6netmelikler, Ki\u015fisel Verileri Korunma Kurumu Tebli\u011fleri, Kurul Kararlar\u0131 ve sair ilgili mevzuat h\u00fck\u00fcmleri gere\u011fince; ki\u015fisel verilerinizin hukuka ayk\u0131r\u0131 olarak i\u015flenmesini \u00f6nleme, hukuka ayk\u0131r\u0131 olarak eri\u015filmesini \u00f6nleme ve muhafazas\u0131n\u0131 sa\u011flama amac\u0131yla, uygun g\u00fcvenlik d\u00fczeyini temin etmeye y\u00f6nelik t\u00fcm teknik ve idari tedbirleri almaktad\u0131r.<\/h4>\n<h4 style=\"text-align: center;\">\u015eirketimiz, ki\u015fisel verilerinizin i\u015flenmesinde; hukuka ve d\u00fcr\u00fcstl\u00fck kurallar\u0131na uygun olma, do\u011fru ve gerekti\u011finde g\u00fcncel olma, belirli a\u00e7\u0131k ve me\u015fru ama\u00e7lar i\u00e7in i\u015flenme, i\u015flendikleri ama\u00e7la ba\u011flant\u0131l\u0131 s\u0131n\u0131rl\u0131 ve \u00f6l\u00e7\u00fcl\u00fc olma, ilgili mevzuatta \u00f6ng\u00f6r\u00fclen veya i\u015flendikleri ama\u00e7 i\u00e7in gerekli olan s\u00fcre kadar muhafaza edilme ilkeleri do\u011frultusunda hareket etmektedir.<\/h4>\n<h4 style=\"text-align: center;\">Ki\u015fisel verileriniz Ki\u015fisel Verilerin Korunmas\u0131 Kanununda yer alan d\u00fczenlemeler do\u011frultusunda; kanunlarda a\u00e7\u0131k\u00e7a \u00f6ng\u00f6r\u00fclen hallerde, bir s\u00f6zle\u015fmenin kurulmas\u0131 veya ifas\u0131yla do\u011frudan do\u011fruya ilgili olan hallerde, s\u00f6zle\u015fmenin taraflar\u0131na ait ki\u015fisel verilerin i\u015flenmesinin gerekli oldu\u011fu hallerde, veri sorumlusu olarak \u015eirketimizin hukuki y\u00fck\u00fcml\u00fcl\u00fc\u011f\u00fcn\u00fcn yerine getirilebilmesi i\u00e7in zorunlu olan hallerde, veri sahibi ki\u015fi taraf\u0131ndan verilerinin alenile\u015ftirildi\u011fi hallerde, bir hakk\u0131n tesisi, kullan\u0131lmas\u0131 veya korunmas\u0131 i\u00e7in veri i\u015flemenin zorunlu oldu\u011fu hallerde ve veri sahibinin temel hak ve \u00f6zg\u00fcrl\u00fcklerine zarar vermemek kayd\u0131yla, veri sorumlusu olan \u015eirketimizin me\u015fru menfaatleri i\u00e7in veri i\u015flenmesinin zorunlu oldu\u011fu hallerde, a\u00e7\u0131k r\u0131za aranmaks\u0131z\u0131n i\u015flenmektedir.<\/h4>\n<h4 style=\"text-align: center;\">\u0130\u015f bu Ayd\u0131nlatma Metni\u2019 ne y\u00f6nelik soru ve g\u00f6r\u00fc\u015flerinizi, ileti\u015fim adreslerimizden bizlere her zaman iletebilirsiniz.<\/h4>\n<h4 style=\"text-align: center;\">\u0130\u015f bu Ayd\u0131nlatma Metni, \u015eirketimiz taraf\u0131ndan ki\u015fisel verileri i\u015flenen t\u00fcm ger\u00e7ek ki\u015filere y\u00f6neliktir.<\/h4>\n<h4 style=\"text-align: center;\">S\u0130ZE EN UYGUN OLAN VER\u0130 KONUSU K\u0130\u015e\u0130 GRUBUNU SE\u00c7EREK,<\/h4>\n<h4 style=\"text-align: center;\">AYDINLATMA METN\u0130\u2019 NE ULA\u015eAB\u0130L\u0130RS\u0130N\u0130Z.<\/h4>\n<h4 style=\"text-align: center;\">VER\u0130 KONUSU K\u0130\u015e\u0130 GRUPLARI.<\/h4>\n\n\t\t<\/div>\n\t<\/div>\n<\/div><\/div><\/div><\/div><\/div><\/div><\/div><\/div>\n<\/section>","protected":false},"excerpt":{"rendered":"K.V.K.K. Kapsam\u0131nda Ayd\u0131nlatma Metni K\u0130\u015e\u0130SEL VER\u0130LER\u0130N KORUNMASI KANUNU KAPSAMINDA AYDINLATMA METN\u0130. Veri Sorumlusu MES SE TEKST\u0130L \u0130THALAT \u0130HRACAT SANAY\u0130 VE T\u0130CARET L\u0130M\u0130TED \u015e\u0130RKET\u0130 ADRES\u0130 : Mehmet Nesih \u00d6zmen Mah. Ak\u00e7ay Sok. No:14 Merter-G\u00fcng\u00f6ren\/ \u0130STANBUL T\u0130CARET S\u0130C\u0130L\u0130 M\u00dcD\u00dcRL\u00dc\u011e\u00dc :\u0130stanbul Ticaret Sicili M\u00fcd\u00fcrl\u00fc\u011f\u00fc T\u0130CARET S\u0130C\u0130L\u0130 NUMARASI : 342636 MERS\u0130S NUMARASI : 0619008060300014 TELEFON : 0 212 230 [...]","protected":false},"author":1,"featured_media":0,"parent":0,"menu_order":0,"comment_status":"closed","ping_status":"closed","template":"","meta":{"_monsterinsights_skip_tracking":false,"_monsterinsights_sitenote_active":false,"_monsterinsights_sitenote_note":"","_monsterinsights_sitenote_category":0,"footnotes":""},"class_list":["post-2012","page","type-page","status-publish","hentry"],"_links":{"self":[{"href":"https:\/\/www.messetekstil.com\/en\/wp-json\/wp\/v2\/pages\/2012","targetHints":{"allow":["GET"]}}],"collection":[{"href":"https:\/\/www.messetekstil.com\/en\/wp-json\/wp\/v2\/pages"}],"about":[{"href":"https:\/\/www.messetekstil.com\/en\/wp-json\/wp\/v2\/types\/page"}],"author":[{"embeddable":true,"href":"https:\/\/www.messetekstil.com\/en\/wp-json\/wp\/v2\/users\/1"}],"replies":[{"embeddable":true,"href":"https:\/\/www.messetekstil.com\/en\/wp-json\/wp\/v2\/comments?post=2012"}],"version-history":[{"count":6,"href":"https:\/\/www.messetekstil.com\/en\/wp-json\/wp\/v2\/pages\/2012\/revisions"}],"predecessor-version":[{"id":2016,"href":"https:\/\/www.messetekstil.com\/en\/wp-json\/wp\/v2\/pages\/2012\/revisions\/2016"}],"wp:attachment":[{"href":"https:\/\/www.messetekstil.com\/en\/wp-json\/wp\/v2\/media?parent=2012"}],"curies":[{"name":"wp","href":"https:\/\/api.w.org\/{rel}","templated":true}]}}